{"id":1515,"date":"2014-05-20T10:45:09","date_gmt":"2014-05-20T08:45:09","guid":{"rendered":"http:\/\/www.nachhaltiger-einkauf.de\/wordpress\/?page_id=1515"},"modified":"2021-02-24T21:04:10","modified_gmt":"2021-02-24T20:04:10","slug":"rezepte","status":"publish","type":"page","link":"https:\/\/www.nachhaltiger-einkauf.de\/wordpress\/do-it-yourself\/rezepte","title":{"rendered":"Rezepte"},"content":{"rendered":"<p style=\"text-align: justify;\"><span style=\"font-family: verdana, geneva; font-size: 14px;\">Hier finden Sie viele tolle Rezepte-Ideen, egal ob f\u00fcr die vegetarische, vegane oder regionale K\u00fcche.<\/span><\/p>\n<p style=\"text-align: justify;\"><span style=\"font-size: 14px; font-family: verdana, geneva, sans-serif;\">Unter den Jahreszeiten <strong><a href=\"http:\/\/www.nachhaltiger-einkauf.de\/wordpress\/fruhling\">Fr\u00fchling<\/a><\/strong>, <strong><a href=\"http:\/\/www.nachhaltiger-einkauf.de\/wordpress\/sommer\">Sommer<\/a><\/strong>, <strong><a href=\"http:\/\/www.nachhaltiger-einkauf.de\/wordpress\/herbst\">Herbst<\/a><\/strong> und <strong><a href=\"http:\/\/www.nachhaltiger-einkauf.de\/wordpress\/winter\">Winter<\/a><\/strong> finden Sie jeweils Rezepte mit saisonalen Produkten.<\/span><\/p>\n<p style=\"text-align: justify;\"><span style=\"font-size: 14px; font-family: verdana, geneva, sans-serif;\">Viel Spa\u00df beim Nachkochen und Guten Appetit!<\/span><\/p>\n","protected":false},"excerpt":{"rendered":"<p>Hier finden Sie viele tolle Rezepte-Ideen, egal ob f\u00fcr die vegetarische, vegane oder regionale K\u00fcche. Unter den Jahreszeiten Fr\u00fchling, Sommer, Herbst und Winter finden Sie jeweils Rezepte mit saisonalen Produkten. Viel Spa\u00df beim Nachkochen und Guten Appetit!<\/p>\n","protected":false},"author":1,"featured_media":0,"parent":995,"menu_order":4,"comment_status":"open","ping_status":"closed","template":"","meta":[],"_links":{"self":[{"href":"https:\/\/www.nachhaltiger-einkauf.de\/wordpress\/wp-json\/wp\/v2\/pages\/1515"}],"collection":[{"href":"https:\/\/www.nachhaltiger-einkauf.de\/wordpress\/wp-json\/wp\/v2\/pages"}],"about":[{"href":"https:\/\/www.nachhaltiger-einkauf.de\/wordpress\/wp-json\/wp\/v2\/types\/page"}],"author":[{"embeddable":true,"href":"https:\/\/www.nachhaltiger-einkauf.de\/wordpress\/wp-json\/wp\/v2\/users\/1"}],"replies":[{"embeddable":true,"href":"https:\/\/www.nachhaltiger-einkauf.de\/wordpress\/wp-json\/wp\/v2\/comments?post=1515"}],"version-history":[{"count":15,"href":"https:\/\/www.nachhaltiger-einkauf.de\/wordpress\/wp-json\/wp\/v2\/pages\/1515\/revisions"}],"predecessor-version":[{"id":4139,"href":"https:\/\/www.nachhaltiger-einkauf.de\/wordpress\/wp-json\/wp\/v2\/pages\/1515\/revisions\/4139"}],"up":[{"embeddable":true,"href":"https:\/\/www.nachhaltiger-einkauf.de\/wordpress\/wp-json\/wp\/v2\/pages\/995"}],"wp:attachment":[{"href":"https:\/\/www.nachhaltiger-einkauf.de\/wordpress\/wp-json\/wp\/v2\/media?parent=1515"}],"curies":[{"name":"wp","href":"https:\/\/api.w.org\/{rel}","templated":true}]}}