{"id":2705,"date":"2015-05-15T21:10:31","date_gmt":"2015-05-15T19:10:31","guid":{"rendered":"http:\/\/www.nachhaltiger-einkauf.de\/wordpress\/?page_id=2705"},"modified":"2021-02-24T22:33:46","modified_gmt":"2021-02-24T21:33:46","slug":"mobilitat","status":"publish","type":"page","link":"https:\/\/www.nachhaltiger-einkauf.de\/wordpress\/mobilitat","title":{"rendered":"Mobilit\u00e4t"},"content":{"rendered":"<p style=\"text-align: justify;\"><span style=\"font-family: verdana,geneva,sans-serif;\">Hier finden Sie&nbsp;eine gro\u00dfe Auswahl an verschiedenen Mobilit\u00e4ten und erhalten ausf\u00fchrliche Informationen \u00fcber die verschiedenen Fortbewegungsmittel in den folgenden Rubriken<\/span><\/p>\n<ul>\n<li style=\"text-align: justify;\"><span style=\"font-family: verdana,geneva,sans-serif;\"> <a href=\"http:\/\/www.nachhaltiger-einkauf.de\/wordpress\/aktuelle-projekte\">Aktuelle regionale Projekte<\/a><\/span><\/li>\n<li style=\"text-align: justify;\"><span style=\"font-family: verdana,geneva,sans-serif;\"><a href=\"http:\/\/www.nachhaltiger-einkauf.de\/wordpress\/mobilitat\/carsharing\">Carsharing<\/a><\/span><\/li>\n<li style=\"text-align: justify;\"><span style=\"font-family: verdana,geneva,sans-serif;\"><a href=\"http:\/\/www.nachhaltiger-einkauf.de\/wordpress\/mobilitat\/elektroautos\">Elektroautos<\/a><\/span><\/li>\n<li style=\"text-align: justify;\"><span style=\"font-family: verdana,geneva,sans-serif;\"><a href=\"http:\/\/www.nachhaltiger-einkauf.de\/wordpress\/mobilitat\/elektrofahrrader_pedelecs_e-bikes\">Elektrofahrr\u00e4der \u2013 Pedelecs und E-Bikes<\/a><\/span><\/li>\n<li style=\"text-align: justify;\"><span style=\"font-family: verdana,geneva,sans-serif;\"><a href=\"http:\/\/www.nachhaltiger-einkauf.de\/wordpress\/fluggesellschaften-im-vergleich\">Fluggesellschaften im Vergleich <\/a>&nbsp;&nbsp;&nbsp;&nbsp;&nbsp;&nbsp;&nbsp;&nbsp;&nbsp;&nbsp; <\/span><\/li>\n<li style=\"text-align: justify;\"><span style=\"font-family: verdana,geneva,sans-serif;\"><a href=\"http:\/\/www.nachhaltiger-einkauf.de\/wordpress\/multimodalitaet\">Multimodalit\u00e4t <\/a><\/span><\/li>\n<li style=\"text-align: justify;\"><span style=\"font-family: verdana,geneva,sans-serif;\"><a href=\"http:\/\/www.nachhaltiger-einkauf.de\/wordpress\/wasserstoffautos\">Wasserstoffautos<\/a><\/span><\/li>\n<\/ul>\n<p style=\"text-align: justify;\"><span style=\"font-family: verdana, geneva, sans-serif; font-size: 14px;\">Die <strong>Elektromobilit\u00e4t<\/strong> gilt als Hoffnungstr\u00e4ger in Politik und Wirtschaft, sp\u00e4testens seit der \u201eNationalen Strategiekonferenz Elektromobilit\u00e4t\u201c 2008. Im Zuge des nachhaltigen Einkaufs stellt die Elektromobilit\u00e4t vor allem f\u00fcr die Automobilindustrie eine gro\u00dfe Herausforderung dar. Die Gesellschaft setzt auf ein nachhaltiges Wirtschaften bzw. Einkaufen. Schlagworte wie Treibhausgase, Umweltverschmutzung, exzessive Ausnutzung von Ressourcen und die Abh\u00e4ngigkeit von fossilen Energien bewegt die Menschen zu einem Umdenken.<\/span><\/p>\n<p style=\"text-align: justify;\"><span style=\"font-family: verdana, geneva, sans-serif; font-size: 14px;\"><strong>Aber was wird eigentlich unter Elektromobilit\u00e4t verstanden?<\/strong> Im engeren Sinne beschreibt es den elektrisch angetriebenen Individualverkehr. Eindeutige Beispiele hierf\u00fcr ist der reine Batterie-PKW, das elektrische Fahrrad oder auch das elektrische Motorboot beziehungsweise der elektrische Rollstuhl. Der \u00dcbergang von elektrischen Fahrzeugen zu nicht elektrischen Fahrzeugen ist oftmals flie\u00dfend, sodass die Zuordnung manchmal schwer f\u00e4llt.<\/span><\/p>\n<p style=\"text-align: justify;\"><span style=\"font-family: verdana, geneva, sans-serif; font-size: 14px;\"><strong>Ist Elektromobilit\u00e4t nachhaltig und \u00f6kologisch?<\/strong> Fest steht, dass mit Benzin und Diesel betriebenen PKW das Zwei-Grad-Ziel der Vereinten Nationen bis 2050 kaum erreicht werden kann. Die CO2-Emissionen eines PKWs sollen von nunmehr 150 Gramm pro Kilometer auf 20 Gramm pro Kilometer gesenkt werden. Mit Hilfe der E-Mobilit\u00e4t kann dieses Ziel jedoch nur erreicht werden, wenn CO2-arme oder \u2013freie Energiequellen, wie beispielsweise erneuerbare Energien, zum Einsatz kommen. Durch den Ausbau erneuerbarer Energietr\u00e4ger kann sogar schon mittelfristig eine positive Energiebilanz f\u00fcr Elektrofahrzeuge erreicht werden. Zudem wird die Abh\u00e4ngigkeit von erd\u00f6lbasierten Kraftstoffen verringert. Ein weiterer positiver Aspekt ist L\u00e4rmreduktion von Elektroautos im Vergleich zu konventionellen PKWs. Um allerdings die Frage des \u00f6kologischen Nutzens ganz genau zu beantworten, ist eine umfassende Untersuchung vom Rohstoffabbau \u00fcber die Herstellung und Nutzung bis hin zur Verwertung und Entsorgung der Fahrzeuge notwendig.<\/span><\/p>\n<p style=\"text-align: justify;\"><span style=\"font-family: verdana, geneva, sans-serif; font-size: 14px;\"><strong>F\u00f6rdert Deutschland die E-Mobilit\u00e4t?<\/strong> Ja, denn die deutsche Regierung und die deutsche Automobilindustrie m\u00f6chten sich als Leitmarkt und Produktionsstandort etablieren. Bis 2020 sollen eine Million Elektroautos auf deutschen Stra\u00dfen unterwegs sein. Dazu werden die Unternehmen mit Programmen wie Elektro-Mobilit\u00e4t, Positionierung entlang der Wertsch\u00f6pfungskette \u2013 ELEKTRO POWER gef\u00f6rdert. Das Programm unterst\u00fctzt Forschung und Entwicklung insbesondere bei der Zell- und Batterieproduktion, dem Leichtbau und der Systemintegration (Zitat Bundesministerium f\u00fcr Wirtschaft und Energie, BMWi). Zudem arbeitet Deutschland mit Partnern in China, Japan und den USA sowie mit EU-Staaten zusammen. Dadurch k\u00f6nnen international g\u00fcltige Standards gew\u00e4hrleistet werden. Dies ist wichtig, damit Elektrofahrzeuge auch im Ausland unproblematisch geladen werden k\u00f6nnen. Hinzu kommt, dass durch eine internationale Kooperation die Herstellkosten gesenkt werden.<\/span><\/p>\n<p style=\"text-align: left;\"><span style=\"font-family: verdana, geneva, sans-serif; font-size: 8pt;\"><strong>Quelle<\/strong>: Bundesministerium f\u00fcr Wirtschaft und Energie: \u00dcberschrift: Deutschland soll Leit-markt f\u00fcr Elektromobilit\u00e4t werden &#8211; Nationale Strategiekonferenz Elektromobilit\u00e4t. http:\/\/www.bmwi.de\/DE\/Presse\/pressemitteilungen,did=281460.html, Berlin, Stand: 2015, letzter Zugriff: 25.05.2015.<br \/>\nHoffmann, Dipl.-Psych. Jana; Peters, Dr. Anja: \u00dcberschrift: Nutzerakzeptanz von Elektromobilit\u00e4t: Eine empirische Studie zu attraktiven Nutzungsvarianten, Fahrzeug-konzepten und Gesch\u00e4ftsmodellen aus Sicht potenzieller Nutzer, Karlsruhe, Fraunhofer ISI: 2011.<\/span><\/p>\n<p style=\"text-align: left;\"><span style=\"font-family: verdana,geneva,sans-serif;\"><strong>Probleme im l\u00e4ndlichen Raum- Baden W\u00fcrttemberg:<\/strong><\/span><\/p>\n<p style=\"text-align: justify;\"><span style=\"font-family: verdana,geneva,sans-serif;\">Der l\u00e4ndliche Raum umfasst in Baden-W\u00fcrttemberg ca. 70 Prozent der Landesfl\u00e4che, hier leben ca. 30 Prozent der Bev\u00f6lkerung. Im Unterschied zu anderen Bundesl\u00e4ndern sind die l\u00e4ndlichen R\u00e4ume hier stark mit den st\u00e4dtischen Ballungsr\u00e4umen verkn\u00fcpft.<\/span><\/p>\n<p style=\"text-align: justify;\"><span style=\"font-family: verdana,geneva,sans-serif;\">Hier finden Sie M\u00f6glichkeiten zu jeder Zeit an den gew\u00fcnschten Ort zu kommen:<\/span><\/p>\n<p style=\"text-align: justify;\"><span style=\"font-family: verdana,geneva,sans-serif;\"><a href=\"http:\/\/www.nachhaltiger-einkauf.de\/wordpress\/wp-content\/uploads\/2017\/03\/Neu_WEBVERSION_BUND_Verkehr_Broschuere_1412_RZ_Einzelseiten_FINAL.pdf\">Neu_WEBVERSION_BUND_Verkehr_Broschuere_1412_RZ_Einzelseiten_FINAL<\/a><\/span><\/p>\n","protected":false},"excerpt":{"rendered":"<p>Hier finden Sie&nbsp;eine gro\u00dfe Auswahl an verschiedenen Mobilit\u00e4ten und erhalten ausf\u00fchrliche Informationen \u00fcber die verschiedenen Fortbewegungsmittel in den folgenden Rubriken Aktuelle regionale Projekte Carsharing Elektroautos Elektrofahrr\u00e4der \u2013 Pedelecs und E-Bikes Fluggesellschaften im Vergleich &nbsp;&nbsp;&nbsp;&nbsp;&nbsp;&nbsp;&nbsp;&nbsp;&nbsp;&nbsp; Multimodalit\u00e4t Wasserstoffautos Die Elektromobilit\u00e4t gilt als&hellip; <\/p>\n","protected":false},"author":1,"featured_media":0,"parent":0,"menu_order":0,"comment_status":"closed","ping_status":"closed","template":"","meta":[],"_links":{"self":[{"href":"https:\/\/www.nachhaltiger-einkauf.de\/wordpress\/wp-json\/wp\/v2\/pages\/2705"}],"collection":[{"href":"https:\/\/www.nachhaltiger-einkauf.de\/wordpress\/wp-json\/wp\/v2\/pages"}],"about":[{"href":"https:\/\/www.nachhaltiger-einkauf.de\/wordpress\/wp-json\/wp\/v2\/types\/page"}],"author":[{"embeddable":true,"href":"https:\/\/www.nachhaltiger-einkauf.de\/wordpress\/wp-json\/wp\/v2\/users\/1"}],"replies":[{"embeddable":true,"href":"https:\/\/www.nachhaltiger-einkauf.de\/wordpress\/wp-json\/wp\/v2\/comments?post=2705"}],"version-history":[{"count":17,"href":"https:\/\/www.nachhaltiger-einkauf.de\/wordpress\/wp-json\/wp\/v2\/pages\/2705\/revisions"}],"predecessor-version":[{"id":6607,"href":"https:\/\/www.nachhaltiger-einkauf.de\/wordpress\/wp-json\/wp\/v2\/pages\/2705\/revisions\/6607"}],"wp:attachment":[{"href":"https:\/\/www.nachhaltiger-einkauf.de\/wordpress\/wp-json\/wp\/v2\/media?parent=2705"}],"curies":[{"name":"wp","href":"https:\/\/api.w.org\/{rel}","templated":true}]}}